{"id":201,"date":"2023-09-28T18:52:03","date_gmt":"2023-09-28T16:52:03","guid":{"rendered":"https:\/\/tellbranding.ch\/?post_type=product&#038;p=201"},"modified":"2024-12-14T15:10:20","modified_gmt":"2024-12-14T14:10:20","slug":"la-legende-de-guillaume-tell","status":"publish","type":"product","link":"https:\/\/tellbranding.ch\/?product=la-legende-de-guillaume-tell","title":{"rendered":"La l\u00e9gende de Guillaume Tell"},"content":{"rendered":"<p>L\u2019adaptation en bande dessin\u00e9e de l\u2019\u0153uvre de Schiller<\/p>\n<p>Ce roman graphique pr\u00e9sente le combat du chasseur Guillaume Tell contre le tyrannique bailli Gessler qui d\u00e9clencha la lutte pour l\u2019ind\u00e9pendance de la Suisse afin de se lib\u00e9rer de l\u2019empire des Habsbourg au d\u00e9but du 14\u00e8me si\u00e8cle. Directement adapt\u00e9e de la c\u00e9l\u00e8bre pi\u00e8ce de th\u00e9\u00e2tre de Schiller, cette bande dessin\u00e9e est une lecture id\u00e9ale pour tous les \u00e2ges.<br \/>\nCette adaptation de la l\u00e9gende de Guillaume Tell moderne et accessible fera d\u00e9couvrir le mythe \u00e0 toute une nouvelle g\u00e9n\u00e9ration de lecteurs.<\/p>\n","protected":false},"excerpt":{"rendered":"<p>L\u2019adaptation en bande dessin\u00e9e de l\u2019\u0153uvre de Schiller Ce roman graphique pr\u00e9sente le combat du chasseur Guillaume Tell contre le tyrannique bailli Gessler qui d\u00e9clencha la lutte pour l\u2019ind\u00e9pendance de la Suisse afin de se lib\u00e9rer de l\u2019empire des Habsbourg au d\u00e9but du 14\u00e8me si\u00e8cle. Directement adapt\u00e9e de la c\u00e9l\u00e8bre pi\u00e8ce de th\u00e9\u00e2tre de Schiller, cette bande dessin\u00e9e est une lecture id\u00e9ale pour tous les \u00e2ges. Cette adaptation de la l\u00e9gende de Guillaume Tell moderne et accessible fera d\u00e9couvrir le mythe \u00e0 toute une nouvelle g\u00e9n\u00e9ration de lecteurs.<\/p>\n","protected":false},"featured_media":75,"template":"","meta":[],"product_brand":[],"product_cat":[21,23],"product_tag":[],"class_list":{"0":"post-201","1":"product","2":"type-product","3":"status-publish","4":"has-post-thumbnail","6":"product_cat-buch","7":"product_cat-francais","8":"product_shipping_class-einzelbuch","10":"first","11":"instock","12":"shipping-taxable","13":"purchasable","14":"product-type-simple"},"_links":{"self":[{"href":"https:\/\/tellbranding.ch\/index.php?rest_route=\/wp\/v2\/product\/201","targetHints":{"allow":["GET"]}}],"collection":[{"href":"https:\/\/tellbranding.ch\/index.php?rest_route=\/wp\/v2\/product"}],"about":[{"href":"https:\/\/tellbranding.ch\/index.php?rest_route=\/wp\/v2\/types\/product"}],"wp:featuredmedia":[{"embeddable":true,"href":"https:\/\/tellbranding.ch\/index.php?rest_route=\/wp\/v2\/media\/75"}],"wp:attachment":[{"href":"https:\/\/tellbranding.ch\/index.php?rest_route=%2Fwp%2Fv2%2Fmedia&parent=201"}],"wp:term":[{"taxonomy":"product_brand","embeddable":true,"href":"https:\/\/tellbranding.ch\/index.php?rest_route=%2Fwp%2Fv2%2Fproduct_brand&post=201"},{"taxonomy":"product_cat","embeddable":true,"href":"https:\/\/tellbranding.ch\/index.php?rest_route=%2Fwp%2Fv2%2Fproduct_cat&post=201"},{"taxonomy":"product_tag","embeddable":true,"href":"https:\/\/tellbranding.ch\/index.php?rest_route=%2Fwp%2Fv2%2Fproduct_tag&post=201"}],"curies":[{"name":"wp","href":"https:\/\/api.w.org\/{rel}","templated":true}]}}